{"id":87,"date":"2023-12-14T12:01:22","date_gmt":"2023-12-14T11:01:22","guid":{"rendered":"https:\/\/www.fermesaintsimeon.fr\/?page_id=87"},"modified":"2026-04-13T10:13:32","modified_gmt":"2026-04-13T08:13:32","slug":"la-caleche-passeggiata-a-cavallo-honfleur","status":"publish","type":"page","link":"https:\/\/www.fermesaintsimeon.fr\/it\/la-caleche-balade-a-cheval-honfleur\/","title":{"rendered":"La Cal\u00e8che"},"content":{"rendered":"<div data-elementor-type=\"wp-page\" data-elementor-id=\"87\" class=\"elementor elementor-87\" data-elementor-post-type=\"page\">\n\t\t\t\t<div class=\"elementor-element elementor-element-55c8e38 overflow-hidden-xs e-flex e-con-boxed e-con e-parent\" data-id=\"55c8e38\" data-element_type=\"container\" data-e-type=\"container\">\n\t\t\t\t\t<div class=\"e-con-inner\">\n\t\t<div class=\"elementor-element elementor-element-2aad632 bg-full-section-xs e-flex e-con-boxed e-con e-child\" data-id=\"2aad632\" data-element_type=\"container\" data-e-type=\"container\" data-settings=\"{&quot;background_background&quot;:&quot;classic&quot;}\">\n\t\t\t\t\t<div class=\"e-con-inner\">\n\t\t\t\t<div class=\"elementor-element elementor-element-44783c7 elementor-absolute e-transform evt-tache-gauche elementor-widget elementor-widget-image\" data-id=\"44783c7\" data-element_type=\"widget\" data-e-type=\"widget\" data-settings=\"{&quot;_position&quot;:&quot;absolute&quot;,&quot;_transform_rotateZ_effect&quot;:{&quot;unit&quot;:&quot;px&quot;,&quot;size&quot;:100,&quot;sizes&quot;:[]},&quot;_transform_rotateZ_effect_laptop&quot;:{&quot;unit&quot;:&quot;deg&quot;,&quot;size&quot;:&quot;&quot;,&quot;sizes&quot;:[]},&quot;_transform_rotateZ_effect_tablet&quot;:{&quot;unit&quot;:&quot;deg&quot;,&quot;size&quot;:&quot;&quot;,&quot;sizes&quot;:[]},&quot;_transform_rotateZ_effect_mobile&quot;:{&quot;unit&quot;:&quot;deg&quot;,&quot;size&quot;:&quot;&quot;,&quot;sizes&quot;:[]}}\" data-widget_type=\"image.default\">\n\t\t\t\t<div class=\"elementor-widget-container\">\n\t\t\t\t\t\t\t\t\t\t\t\t\t\t\t<img fetchpriority=\"high\" decoding=\"async\" width=\"618\" height=\"424\" src=\"https:\/\/www.fermesaintsimeon.fr\/wp-content\/uploads\/2024\/01\/tache-deco.png\" class=\"attachment-large size-large wp-image-1142\" alt=\"\" srcset=\"https:\/\/www.fermesaintsimeon.fr\/wp-content\/uploads\/2024\/01\/tache-deco.png 618w, https:\/\/www.fermesaintsimeon.fr\/wp-content\/uploads\/2024\/01\/tache-deco-300x206.png 300w, https:\/\/www.fermesaintsimeon.fr\/wp-content\/uploads\/2024\/01\/tache-deco-18x12.png 18w\" sizes=\"(max-width: 618px) 100vw, 618px\" title=\"\">\t\t\t\t\t\t\t\t\t\t\t\t\t\t\t<\/div>\n\t\t\t\t<\/div>\n\t\t\t\t<div class=\"elementor-element elementor-element-4e3f444 elementor-absolute e-transform evt-tache-droite elementor-widget elementor-widget-image\" data-id=\"4e3f444\" data-element_type=\"widget\" data-e-type=\"widget\" data-settings=\"{&quot;_position&quot;:&quot;absolute&quot;,&quot;_transform_rotateZ_effect&quot;:{&quot;unit&quot;:&quot;px&quot;,&quot;size&quot;:108,&quot;sizes&quot;:[]},&quot;_transform_rotateZ_effect_laptop&quot;:{&quot;unit&quot;:&quot;deg&quot;,&quot;size&quot;:&quot;&quot;,&quot;sizes&quot;:[]},&quot;_transform_rotateZ_effect_tablet&quot;:{&quot;unit&quot;:&quot;deg&quot;,&quot;size&quot;:&quot;&quot;,&quot;sizes&quot;:[]},&quot;_transform_rotateZ_effect_mobile&quot;:{&quot;unit&quot;:&quot;deg&quot;,&quot;size&quot;:&quot;&quot;,&quot;sizes&quot;:[]}}\" data-widget_type=\"image.default\">\n\t\t\t\t<div class=\"elementor-widget-container\">\n\t\t\t\t\t\t\t\t\t\t\t\t\t\t\t<img fetchpriority=\"high\" decoding=\"async\" width=\"618\" height=\"424\" src=\"https:\/\/www.fermesaintsimeon.fr\/wp-content\/uploads\/2024\/01\/tache-deco.png\" class=\"attachment-large size-large wp-image-1142\" alt=\"\" srcset=\"https:\/\/www.fermesaintsimeon.fr\/wp-content\/uploads\/2024\/01\/tache-deco.png 618w, https:\/\/www.fermesaintsimeon.fr\/wp-content\/uploads\/2024\/01\/tache-deco-300x206.png 300w, https:\/\/www.fermesaintsimeon.fr\/wp-content\/uploads\/2024\/01\/tache-deco-18x12.png 18w\" sizes=\"(max-width: 618px) 100vw, 618px\" title=\"\">\t\t\t\t\t\t\t\t\t\t\t\t\t\t\t<\/div>\n\t\t\t\t<\/div>\n\t\t\t\t<div class=\"elementor-element elementor-element-b3c0fb7 event-titre elementor-widget elementor-widget-heading\" data-id=\"b3c0fb7\" data-element_type=\"widget\" data-e-type=\"widget\" data-widget_type=\"heading.default\">\n\t\t\t\t<div class=\"elementor-widget-container\">\n\t\t\t\t\t<div class=\"elementor-heading-title elementor-size-default\">La<\/div>\t\t\t\t<\/div>\n\t\t\t\t<\/div>\n\t\t\t\t<div class=\"elementor-element elementor-element-c5a450e event-titre elementor-widget elementor-widget-heading\" data-id=\"c5a450e\" data-element_type=\"widget\" data-e-type=\"widget\" data-widget_type=\"heading.default\">\n\t\t\t\t<div class=\"elementor-widget-container\">\n\t\t\t\t\t<h1 class=\"elementor-heading-title elementor-size-default\">Carrozza trainata da cavalli<\/h1>\t\t\t\t<\/div>\n\t\t\t\t<\/div>\n\t\t\t\t\t<\/div>\n\t\t\t\t<\/div>\n\t\t\t\t\t<\/div>\n\t\t\t\t<\/div>\n\t\t<div class=\"elementor-element elementor-element-bc8cf7a e-con-full e-flex e-con e-parent\" data-id=\"bc8cf7a\" data-element_type=\"container\" data-e-type=\"container\" data-settings=\"{&quot;background_background&quot;:&quot;classic&quot;}\">\n\t\t<div class=\"elementor-element elementor-element-5115739 e-con-full e-flex e-con e-child\" data-id=\"5115739\" data-element_type=\"container\" data-e-type=\"container\">\n\t\t\t\t<div class=\"elementor-element elementor-element-ce03d17 left-to-right elementor-widget__width-initial elementor-widget-laptop__width-initial elementor-widget-mobile__width-inherit elementor-widget elementor-widget-image\" data-id=\"ce03d17\" data-element_type=\"widget\" data-e-type=\"widget\" data-widget_type=\"image.default\">\n\t\t\t\t<div class=\"elementor-widget-container\">\n\t\t\t\t\t\t\t\t\t\t\t\t\t\t\t<img decoding=\"async\" width=\"2000\" height=\"1334\" src=\"https:\/\/www.fermesaintsimeon.fr\/wp-content\/uploads\/2024\/01\/Caleche-a-demeure-3-1.jpg\" class=\"attachment-full size-full wp-image-4033\" alt=\"carrozza trainata da cavalli guidata dal maestro Beno\u00eet Farain - equitazione a Honfleur\" srcset=\"https:\/\/www.fermesaintsimeon.fr\/wp-content\/uploads\/2024\/01\/Caleche-a-demeure-3-1.jpg 2000w, https:\/\/www.fermesaintsimeon.fr\/wp-content\/uploads\/2024\/01\/Caleche-a-demeure-3-1-300x200.jpg 300w, https:\/\/www.fermesaintsimeon.fr\/wp-content\/uploads\/2024\/01\/Caleche-a-demeure-3-1-1024x683.jpg 1024w, https:\/\/www.fermesaintsimeon.fr\/wp-content\/uploads\/2024\/01\/Caleche-a-demeure-3-1-768x512.jpg 768w, https:\/\/www.fermesaintsimeon.fr\/wp-content\/uploads\/2024\/01\/Caleche-a-demeure-3-1-1536x1025.jpg 1536w, https:\/\/www.fermesaintsimeon.fr\/wp-content\/uploads\/2024\/01\/Caleche-a-demeure-3-1-18x12.jpg 18w\" sizes=\"(max-width: 2000px) 100vw, 2000px\" title=\"\">\t\t\t\t\t\t\t\t\t\t\t\t\t\t\t<\/div>\n\t\t\t\t<\/div>\n\t\t\t\t<div class=\"elementor-element elementor-element-25c1ba5 left-to-right elementor-widget__width-initial elementor-widget-laptop__width-initial elementor-widget-mobile__width-inherit elementor-widget elementor-widget-image\" data-id=\"25c1ba5\" data-element_type=\"widget\" data-e-type=\"widget\" data-widget_type=\"image.default\">\n\t\t\t\t<div class=\"elementor-widget-container\">\n\t\t\t\t\t\t\t\t\t\t\t\t\t\t\t<img decoding=\"async\" width=\"1708\" height=\"2560\" src=\"https:\/\/www.fermesaintsimeon.fr\/wp-content\/uploads\/2024\/01\/Maison-historique-1-scaled.jpg\" class=\"attachment-full size-full wp-image-4591\" alt=\"vista esterna di una finestra della casa storica di Ferme Saint Sim\u00e9on\" srcset=\"https:\/\/www.fermesaintsimeon.fr\/wp-content\/uploads\/2024\/01\/Maison-historique-1-scaled.jpg 1708w, https:\/\/www.fermesaintsimeon.fr\/wp-content\/uploads\/2024\/01\/Maison-historique-1-200x300.jpg 200w, https:\/\/www.fermesaintsimeon.fr\/wp-content\/uploads\/2024\/01\/Maison-historique-1-683x1024.jpg 683w, https:\/\/www.fermesaintsimeon.fr\/wp-content\/uploads\/2024\/01\/Maison-historique-1-768x1151.jpg 768w, https:\/\/www.fermesaintsimeon.fr\/wp-content\/uploads\/2024\/01\/Maison-historique-1-1025x1536.jpg 1025w, https:\/\/www.fermesaintsimeon.fr\/wp-content\/uploads\/2024\/01\/Maison-historique-1-1366x2048.jpg 1366w, https:\/\/www.fermesaintsimeon.fr\/wp-content\/uploads\/2024\/01\/Maison-historique-1-8x12.jpg 8w\" sizes=\"(max-width: 1708px) 100vw, 1708px\" title=\"\">\t\t\t\t\t\t\t\t\t\t\t\t\t\t\t<\/div>\n\t\t\t\t<\/div>\n\t\t\t\t<div class=\"elementor-element elementor-element-23aa31e left-to-right elementor-widget__width-initial elementor-widget-laptop__width-initial elementor-widget-mobile__width-inherit elementor-widget elementor-widget-image\" data-id=\"23aa31e\" data-element_type=\"widget\" data-e-type=\"widget\" data-widget_type=\"image.default\">\n\t\t\t\t<div class=\"elementor-widget-container\">\n\t\t\t\t\t\t\t\t\t\t\t\t\t\t\t<img loading=\"lazy\" decoding=\"async\" width=\"1707\" height=\"2560\" src=\"https:\/\/www.fermesaintsimeon.fr\/wp-content\/uploads\/2024\/01\/Entree-scaled.jpg\" class=\"attachment-full size-full wp-image-4592\" alt=\"cancello d&#039;ingresso della fattoria di saint sim\u00e9on\" srcset=\"https:\/\/www.fermesaintsimeon.fr\/wp-content\/uploads\/2024\/01\/Entree-scaled.jpg 1707w, https:\/\/www.fermesaintsimeon.fr\/wp-content\/uploads\/2024\/01\/Entree-200x300.jpg 200w, https:\/\/www.fermesaintsimeon.fr\/wp-content\/uploads\/2024\/01\/Entree-683x1024.jpg 683w, https:\/\/www.fermesaintsimeon.fr\/wp-content\/uploads\/2024\/01\/Entree-768x1152.jpg 768w, https:\/\/www.fermesaintsimeon.fr\/wp-content\/uploads\/2024\/01\/Entree-1024x1536.jpg 1024w, https:\/\/www.fermesaintsimeon.fr\/wp-content\/uploads\/2024\/01\/Entree-1365x2048.jpg 1365w, https:\/\/www.fermesaintsimeon.fr\/wp-content\/uploads\/2024\/01\/Entree-8x12.jpg 8w\" sizes=\"(max-width: 1707px) 100vw, 1707px\" title=\"\">\t\t\t\t\t\t\t\t\t\t\t\t\t\t\t<\/div>\n\t\t\t\t<\/div>\n\t\t\t\t<\/div>\n\t\t<div class=\"elementor-element elementor-element-f392d71 e-con-full e-flex e-con e-child\" data-id=\"f392d71\" data-element_type=\"container\" data-e-type=\"container\">\n\t\t\t\t<div class=\"elementor-element elementor-element-22d04cc elementor-widget elementor-widget-heading\" data-id=\"22d04cc\" data-element_type=\"widget\" data-e-type=\"widget\" data-widget_type=\"heading.default\">\n\t\t\t\t<div class=\"elementor-widget-container\">\n\t\t\t\t\t<h1 class=\"elementor-heading-title elementor-size-default\">Equitazione a Honfleur<\/h1>\t\t\t\t<\/div>\n\t\t\t\t<\/div>\n\t\t\t\t<div class=\"elementor-element elementor-element-42ecb81 elementor-widget elementor-widget-heading\" data-id=\"42ecb81\" data-element_type=\"widget\" data-e-type=\"widget\" data-widget_type=\"heading.default\">\n\t\t\t\t<div class=\"elementor-widget-container\">\n\t\t\t\t\t<h2 class=\"elementor-heading-title elementor-size-default\">A bordo di una carrozza trainata da cavalli<\/h2>\t\t\t\t<\/div>\n\t\t\t\t<\/div>\n\t\t\t\t<div class=\"elementor-element elementor-element-77348e6 elementor-widget elementor-widget-text-editor\" data-id=\"77348e6\" data-element_type=\"widget\" data-e-type=\"widget\" data-widget_type=\"text-editor.default\">\n\t\t\t\t<div class=\"elementor-widget-container\">\n\t\t\t\t\t\t\t\t\t<p>Ricollegati con la natura e lasciati guidare dal suono degli zoccoli sui sampietrini... Questo sapore del passato \u00e8 delizioso.<br \/>Sarai sicuramente affascinato dalla nostra bellissima carrozza, disponibile tutto l'anno, e dai suoi due magnifici Percheron guidati dal nostro maestro cavaliere Beno\u00eet Farain.<\/p>\t\t\t\t\t\t\t\t<\/div>\n\t\t\t\t<\/div>\n\t\t\t\t<\/div>\n\t\t\t\t<\/div>\n\t\t<div class=\"elementor-element elementor-element-98731c5 e-con-full e-flex e-con e-parent\" data-id=\"98731c5\" data-element_type=\"container\" data-e-type=\"container\">\n\t\t<div class=\"elementor-element elementor-element-5254460 e-con-full e-flex e-con e-child\" data-id=\"5254460\" data-element_type=\"container\" data-e-type=\"container\">\n\t\t<div class=\"elementor-element elementor-element-399ce55 e-con-full e-flex e-con e-child\" data-id=\"399ce55\" data-element_type=\"container\" data-e-type=\"container\">\n\t\t\t\t<div class=\"elementor-element elementor-element-7082c42 elementor-widget__width-initial  caleche-img-gauche elementor-hidden-mobile elementor-widget elementor-widget-image\" data-id=\"7082c42\" data-element_type=\"widget\" data-e-type=\"widget\" data-widget_type=\"image.default\">\n\t\t\t\t<div class=\"elementor-widget-container\">\n\t\t\t\t\t\t\t\t\t\t\t\t\t\t\t<img loading=\"lazy\" decoding=\"async\" width=\"800\" height=\"534\" src=\"https:\/\/www.fermesaintsimeon.fr\/wp-content\/uploads\/2024\/01\/Caleche-a-demeure-2-1024x683.jpg\" class=\"attachment-large size-large wp-image-4032\" alt=\"carrozza trainata da cavalli guidata da un maestro cavaliere - equitazione a Honfleur\" srcset=\"https:\/\/www.fermesaintsimeon.fr\/wp-content\/uploads\/2024\/01\/Caleche-a-demeure-2-1024x683.jpg 1024w, https:\/\/www.fermesaintsimeon.fr\/wp-content\/uploads\/2024\/01\/Caleche-a-demeure-2-300x200.jpg 300w, https:\/\/www.fermesaintsimeon.fr\/wp-content\/uploads\/2024\/01\/Caleche-a-demeure-2-768x512.jpg 768w, https:\/\/www.fermesaintsimeon.fr\/wp-content\/uploads\/2024\/01\/Caleche-a-demeure-2-1536x1025.jpg 1536w, https:\/\/www.fermesaintsimeon.fr\/wp-content\/uploads\/2024\/01\/Caleche-a-demeure-2-18x12.jpg 18w, https:\/\/www.fermesaintsimeon.fr\/wp-content\/uploads\/2024\/01\/Caleche-a-demeure-2.jpg 2000w\" sizes=\"(max-width: 800px) 100vw, 800px\" title=\"\">\t\t\t\t\t\t\t\t\t\t\t\t\t\t\t<\/div>\n\t\t\t\t<\/div>\n\t\t\t\t<div class=\"elementor-element elementor-element-dbbe677 elementor-widget__width-initial  caleche-img-droite elementor-hidden-mobile elementor-widget elementor-widget-image\" data-id=\"dbbe677\" data-element_type=\"widget\" data-e-type=\"widget\" data-widget_type=\"image.default\">\n\t\t\t\t<div class=\"elementor-widget-container\">\n\t\t\t\t\t\t\t\t\t\t\t\t\t\t\t<img loading=\"lazy\" decoding=\"async\" width=\"800\" height=\"533\" src=\"https:\/\/www.fermesaintsimeon.fr\/wp-content\/uploads\/2024\/01\/Caleche-a-demeure-1024x682.jpg\" class=\"attachment-large size-large wp-image-4034\" alt=\"carrozza trainata da cavalli a casa - equitazione a Honfleur\" srcset=\"https:\/\/www.fermesaintsimeon.fr\/wp-content\/uploads\/2024\/01\/Caleche-a-demeure-1024x682.jpg 1024w, https:\/\/www.fermesaintsimeon.fr\/wp-content\/uploads\/2024\/01\/Caleche-a-demeure-300x200.jpg 300w, https:\/\/www.fermesaintsimeon.fr\/wp-content\/uploads\/2024\/01\/Caleche-a-demeure-768x512.jpg 768w, https:\/\/www.fermesaintsimeon.fr\/wp-content\/uploads\/2024\/01\/Caleche-a-demeure-1536x1024.jpg 1536w, https:\/\/www.fermesaintsimeon.fr\/wp-content\/uploads\/2024\/01\/Caleche-a-demeure-18x12.jpg 18w, https:\/\/www.fermesaintsimeon.fr\/wp-content\/uploads\/2024\/01\/Caleche-a-demeure.jpg 2000w\" sizes=\"(max-width: 800px) 100vw, 800px\" title=\"\">\t\t\t\t\t\t\t\t\t\t\t\t\t\t\t<\/div>\n\t\t\t\t<\/div>\n\t\t\t\t<div class=\"elementor-element elementor-element-0ca5f65 elementor-widget__width-initial elementor-absolute translate50 caleche-img-centre elementor-widget elementor-widget-image\" data-id=\"0ca5f65\" data-element_type=\"widget\" data-e-type=\"widget\" data-settings=\"{&quot;_position&quot;:&quot;absolute&quot;}\" data-widget_type=\"image.default\">\n\t\t\t\t<div class=\"elementor-widget-container\">\n\t\t\t\t\t\t\t\t\t\t\t\t\t\t\t<img loading=\"lazy\" decoding=\"async\" width=\"683\" height=\"1024\" src=\"https:\/\/www.fermesaintsimeon.fr\/wp-content\/uploads\/2024\/01\/Benoit-Farain-Champion-de-France-dattelage-en-2019-et-2021-1-683x1024.jpg\" class=\"attachment-large size-large wp-image-4031\" alt=\"Beno\u00eet Farain, campione francese di guida - passeggiata a cavallo a Honfleur\" srcset=\"https:\/\/www.fermesaintsimeon.fr\/wp-content\/uploads\/2024\/01\/Benoit-Farain-Champion-de-France-dattelage-en-2019-et-2021-1-683x1024.jpg 683w, https:\/\/www.fermesaintsimeon.fr\/wp-content\/uploads\/2024\/01\/Benoit-Farain-Champion-de-France-dattelage-en-2019-et-2021-1-200x300.jpg 200w, https:\/\/www.fermesaintsimeon.fr\/wp-content\/uploads\/2024\/01\/Benoit-Farain-Champion-de-France-dattelage-en-2019-et-2021-1-768x1152.jpg 768w, https:\/\/www.fermesaintsimeon.fr\/wp-content\/uploads\/2024\/01\/Benoit-Farain-Champion-de-France-dattelage-en-2019-et-2021-1-1024x1536.jpg 1024w, https:\/\/www.fermesaintsimeon.fr\/wp-content\/uploads\/2024\/01\/Benoit-Farain-Champion-de-France-dattelage-en-2019-et-2021-1-1366x2048.jpg 1366w, https:\/\/www.fermesaintsimeon.fr\/wp-content\/uploads\/2024\/01\/Benoit-Farain-Champion-de-France-dattelage-en-2019-et-2021-1-8x12.jpg 8w, https:\/\/www.fermesaintsimeon.fr\/wp-content\/uploads\/2024\/01\/Benoit-Farain-Champion-de-France-dattelage-en-2019-et-2021-1.jpg 1600w\" sizes=\"(max-width: 683px) 100vw, 683px\" title=\"\">\t\t\t\t\t\t\t\t\t\t\t\t\t\t\t<\/div>\n\t\t\t\t<\/div>\n\t\t\t\t<\/div>\n\t\t\t\t<\/div>\n\t\t<div class=\"elementor-element elementor-element-2851c96 e-con-full e-flex e-con e-child\" data-id=\"2851c96\" data-element_type=\"container\" data-e-type=\"container\" data-settings=\"{&quot;background_background&quot;:&quot;classic&quot;}\">\n\t\t\t\t<\/div>\n\t\t<div class=\"elementor-element elementor-element-3969e8d e-flex e-con-boxed e-con e-child\" data-id=\"3969e8d\" data-element_type=\"container\" data-e-type=\"container\">\n\t\t\t\t\t<div class=\"e-con-inner\">\n\t\t\t\t<div class=\"elementor-element elementor-element-c67dfa4 elementor-widget elementor-widget-heading\" data-id=\"c67dfa4\" data-element_type=\"widget\" data-e-type=\"widget\" data-widget_type=\"heading.default\">\n\t\t\t\t<div class=\"elementor-widget-container\">\n\t\t\t\t\t<h2 class=\"elementor-heading-title elementor-size-default\">Beno\u00eet Farain, un eccezionale maestro cavaliere<\/h2>\t\t\t\t<\/div>\n\t\t\t\t<\/div>\n\t\t\t\t<div class=\"elementor-element elementor-element-d42a752 elementor-widget elementor-widget-text-editor\" data-id=\"d42a752\" data-element_type=\"widget\" data-e-type=\"widget\" data-widget_type=\"text-editor.default\">\n\t\t\t\t<div class=\"elementor-widget-container\">\n\t\t\t\t\t\t\t\t\t<p>Prestiamo particolare attenzione alla selezione dei nostri partner. Scegliendoli con cura, offriamo esperienze uniche di notevole qualit\u00e0.\nOggi siamo orgogliosi di collaborare con Beno\u00eet Farain, il nostro maestro cavaliere.<br \/>Crowned Campione Francese di Guida nel 2019, 2021 e 2023, Beno\u00eet vive con amore incondizionato per i suoi cavalli. Alla guida della sua scuderia \"\"L'Attelage des Aulnes\"\", ha reso il benessere degli animali la sua priorit\u00e0 e conosce i suoi Percheron nel profondo.<br \/>Oltre alle indimenticabili passeggiate che offre dalla Ferme Saint Sim\u00e9on, Beno\u00eet ti invita a condividere la sua passione e mette al centro della tua fuga il rapporto umano, facendoti vivere momenti romantici quanto autentici.<br \/><br \/><\/p>\t\t\t\t\t\t\t\t<\/div>\n\t\t\t\t<\/div>\n\t\t\t\t\t<\/div>\n\t\t\t\t<\/div>\n\t\t\t\t<\/div>\n\t\t<div class=\"elementor-element elementor-element-6f4e92d e-flex e-con-boxed e-con e-parent\" data-id=\"6f4e92d\" data-element_type=\"container\" data-e-type=\"container\">\n\t\t\t\t\t<div class=\"e-con-inner\">\n\t\t<div class=\"elementor-element elementor-element-e84b5a6 e-con-full e-flex e-con e-child\" data-id=\"e84b5a6\" data-element_type=\"container\" data-e-type=\"container\">\n\t\t<div class=\"elementor-element elementor-element-9f70948 e-flex e-con-boxed e-con e-child\" data-id=\"9f70948\" data-element_type=\"container\" data-e-type=\"container\">\n\t\t\t\t\t<div class=\"e-con-inner\">\n\t\t\t\t<div class=\"elementor-element elementor-element-26605b4 elementor-widget elementor-widget-heading\" data-id=\"26605b4\" data-element_type=\"widget\" data-e-type=\"widget\" data-widget_type=\"heading.default\">\n\t\t\t\t<div class=\"elementor-widget-container\">\n\t\t\t\t\t<h2 class=\"elementor-heading-title elementor-size-default\">Prenditi il tuo tempo come una volta<\/h2>\t\t\t\t<\/div>\n\t\t\t\t<\/div>\n\t\t\t\t<div class=\"elementor-element elementor-element-fd37b06 elementor-widget elementor-widget-text-editor\" data-id=\"fd37b06\" data-element_type=\"widget\" data-e-type=\"widget\" data-widget_type=\"text-editor.default\">\n\t\t\t\t<div class=\"elementor-widget-container\">\n\t\t\t\t\t\t\t\t\t<p>Oltre alle indimenticabili passeggiate che offre dalla Ferme Saint Sim\u00e9on, Beno\u00eet ti invita a condividere la sua passione e mette al centro della tua fuga il rapporto umano, facendoti vivere momenti romantici quanto autentici.<\/p>\t\t\t\t\t\t\t\t<\/div>\n\t\t\t\t<\/div>\n\t\t\t\t\t<\/div>\n\t\t\t\t<\/div>\n\t\t\t\t<\/div>\n\t\t<div class=\"elementor-element elementor-element-9254e5d e-con-full e-flex e-con e-child\" data-id=\"9254e5d\" data-element_type=\"container\" data-e-type=\"container\">\n\t\t\t\t<div class=\"elementor-element elementor-element-618794e elementor-widget__width-initial left-to-right elementor-widget elementor-widget-image\" data-id=\"618794e\" data-element_type=\"widget\" data-e-type=\"widget\" data-widget_type=\"image.default\">\n\t\t\t\t<div class=\"elementor-widget-container\">\n\t\t\t\t\t\t\t\t\t\t\t\t\t\t\t<img loading=\"lazy\" decoding=\"async\" width=\"800\" height=\"534\" src=\"https:\/\/www.fermesaintsimeon.fr\/wp-content\/uploads\/2024\/01\/Relais-Chateaux-1-1024x683.jpg\" class=\"attachment-large size-large wp-image-4609\" alt=\"placca relais &amp; ch\u00e2teaux - passeggiata a cavallo a honfleur\" srcset=\"https:\/\/www.fermesaintsimeon.fr\/wp-content\/uploads\/2024\/01\/Relais-Chateaux-1-1024x683.jpg 1024w, https:\/\/www.fermesaintsimeon.fr\/wp-content\/uploads\/2024\/01\/Relais-Chateaux-1-300x200.jpg 300w, https:\/\/www.fermesaintsimeon.fr\/wp-content\/uploads\/2024\/01\/Relais-Chateaux-1-768x512.jpg 768w, https:\/\/www.fermesaintsimeon.fr\/wp-content\/uploads\/2024\/01\/Relais-Chateaux-1-1536x1025.jpg 1536w, https:\/\/www.fermesaintsimeon.fr\/wp-content\/uploads\/2024\/01\/Relais-Chateaux-1-2048x1366.jpg 2048w, https:\/\/www.fermesaintsimeon.fr\/wp-content\/uploads\/2024\/01\/Relais-Chateaux-1-18x12.jpg 18w\" sizes=\"(max-width: 800px) 100vw, 800px\" title=\"\">\t\t\t\t\t\t\t\t\t\t\t\t\t\t\t<\/div>\n\t\t\t\t<\/div>\n\t\t\t\t<\/div>\n\t\t\t\t\t<\/div>\n\t\t\t\t<\/div>\n\t\t<div class=\"elementor-element elementor-element-27bf468 e-flex e-con-boxed e-con e-parent\" data-id=\"27bf468\" data-element_type=\"container\" data-e-type=\"container\">\n\t\t\t\t\t<div class=\"e-con-inner\">\n\t\t<div class=\"elementor-element elementor-element-282ca1b e-con-full e-flex e-con e-child\" data-id=\"282ca1b\" data-element_type=\"container\" data-e-type=\"container\">\n\t\t\t\t<div class=\"elementor-element elementor-element-9c50f44 elementor-widget__width-initial right-to-left elementor-widget elementor-widget-image\" data-id=\"9c50f44\" data-element_type=\"widget\" data-e-type=\"widget\" data-widget_type=\"image.default\">\n\t\t\t\t<div class=\"elementor-widget-container\">\n\t\t\t\t\t\t\t\t\t\t\t\t\t\t\t<img loading=\"lazy\" decoding=\"async\" width=\"683\" height=\"1024\" src=\"https:\/\/www.fermesaintsimeon.fr\/wp-content\/uploads\/2024\/01\/Maison-historique-6-683x1024.png\" class=\"attachment-large size-large wp-image-4608\" alt=\"vista della casa storica di la ferme saint sim\u00e9on\" srcset=\"https:\/\/www.fermesaintsimeon.fr\/wp-content\/uploads\/2024\/01\/Maison-historique-6-683x1024.png 683w, https:\/\/www.fermesaintsimeon.fr\/wp-content\/uploads\/2024\/01\/Maison-historique-6-200x300.png 200w, https:\/\/www.fermesaintsimeon.fr\/wp-content\/uploads\/2024\/01\/Maison-historique-6-768x1152.png 768w, https:\/\/www.fermesaintsimeon.fr\/wp-content\/uploads\/2024\/01\/Maison-historique-6-8x12.png 8w, https:\/\/www.fermesaintsimeon.fr\/wp-content\/uploads\/2024\/01\/Maison-historique-6.png 1018w\" sizes=\"(max-width: 683px) 100vw, 683px\" title=\"\">\t\t\t\t\t\t\t\t\t\t\t\t\t\t\t<\/div>\n\t\t\t\t<\/div>\n\t\t\t\t<\/div>\n\t\t<div class=\"elementor-element elementor-element-346f24b e-con-full e-flex e-con e-child\" data-id=\"346f24b\" data-element_type=\"container\" data-e-type=\"container\">\n\t\t<div class=\"elementor-element elementor-element-0a182c3 e-con-full e-flex e-con e-child\" data-id=\"0a182c3\" data-element_type=\"container\" data-e-type=\"container\">\n\t\t\t\t<div class=\"elementor-element elementor-element-7552e49 elementor-widget elementor-widget-heading\" data-id=\"7552e49\" data-element_type=\"widget\" data-e-type=\"widget\" data-widget_type=\"heading.default\">\n\t\t\t\t<div class=\"elementor-widget-container\">\n\t\t\t\t\t<h2 class=\"elementor-heading-title elementor-size-default\">Informazioni sui tour e sui prezzi<\/h2>\t\t\t\t<\/div>\n\t\t\t\t<\/div>\n\t\t\t\t<div class=\"elementor-element elementor-element-60b3d83 elementor-widget elementor-widget-text-editor\" data-id=\"60b3d83\" data-element_type=\"widget\" data-e-type=\"widget\" data-widget_type=\"text-editor.default\">\n\t\t\t\t<div class=\"elementor-widget-container\">\n\t\t\t\t\t\t\t\t\t<p>Tutte le opzioni sono possibili, da una semplice passeggiata a cavallo a Honfleur a un'intera giornata con picnic nel Pays d'Auge, o a una cavalcata di due ore per scoprire le pi\u00f9 belle viste panoramiche della zona.<\/p>\n<p><strong>Honfleur a passo di cavallo<\/strong><br>Lasciatevi guidare e scoprite i mille e uno volti di Honfleur.<br>La chiesa di Sainte-Catherine, il Vecchio Bacino, le pittoresche stradine...<br><strong>60 minuti - 110\u20ac<\/strong><\/p>\n<p><strong>Monter \u00e0 Gr\u00e2ce<br><\/strong>\"Salire a Gr\u00e2ce\" \u00e8 un'espressione usata dagli abitanti della nostra bella citt\u00e0 quando visitano la C\u00f4te de Gr\u00e2ce.<br>Un circuito turistico nel cuore della C\u00f4te de Gr\u00e2ce.<br><strong>2 ore e mezza - 210\u20ac<\/strong><\/p>\n<p><span style=\"color: var( --e-global-color-text ); font-family: var( --e-global-typography-text-font-family ), Sans-serif; font-size: var( --e-global-typography-text-font-size ); background-color: var( --e-global-color-f1ef8c6 );\"><span style=\"font-weight: bolder;\">T\u00e8 in campagna<\/span><br><\/span><span style=\"background-color: var( --e-global-color-f1ef8c6 ); color: var( --e-global-color-text ); font-family: var( --e-global-typography-text-font-family ), Sans-serif; font-size: var( --e-global-typography-text-font-size );\"><span style=\"font-weight: var( --e-global-typography-text-font-weight );\">Lasciatevi trasportare da questa esperienza coinvolgente, dove ogni momento vi avvicina all'essenza stessa della campagna normanna, e godetevi un momento gastronomico all'Auberge de la Source.<\/span><br><\/span><span style=\"font-weight: bolder; color: var( --e-global-color-text ); font-family: var( --e-global-typography-text-font-family ), Sans-serif; font-size: var( --e-global-typography-text-font-size ); background-color: var( --e-global-color-f1ef8c6 );\">3 ore -&nbsp;<\/span><span style=\"font-weight: bolder; color: var( --e-global-color-text ); font-family: var( --e-global-typography-text-font-family ), Sans-serif; font-size: var( --e-global-typography-text-font-size ); background-color: var( --e-global-color-f1ef8c6 );\">290\u20ac<\/span><\/p>\t\t\t\t\t\t\t\t<\/div>\n\t\t\t\t<\/div>\n\t\t\t\t<\/div>\n\t\t\t\t<\/div>\n\t\t\t\t\t<\/div>\n\t\t\t\t<\/div>\n\t\t<div class=\"elementor-element elementor-element-b796ade e-flex e-con-boxed e-con e-parent\" data-id=\"b796ade\" data-element_type=\"container\" data-e-type=\"container\">\n\t\t\t\t\t<div class=\"e-con-inner\">\n\t\t<div class=\"elementor-element elementor-element-04eed92 e-con-full e-flex e-con e-child\" data-id=\"04eed92\" data-element_type=\"container\" data-e-type=\"container\">\n\t\t\t\t<div class=\"elementor-element elementor-element-e1d7728 elementor-widget elementor-widget-text-editor\" data-id=\"e1d7728\" data-element_type=\"widget\" data-e-type=\"widget\" data-widget_type=\"text-editor.default\">\n\t\t\t\t<div class=\"elementor-widget-container\">\n\t\t\t\t\t\t\t\t\t<p><strong>Dalla stalla alla tavola<\/strong><br \/>Pittoresca gita in carrozza trainata da cavalli e <a href=\"https:\/\/www.auberge-de-la-source.fr\/restauration-hotel-restaurant-de-charme\/auberge-de-la-source-restaurant\/\" rel=\"nofollow noopener\" target=\"_blank\">pranzo all'Auberge de la Source<\/a>Lasciatevi trasportare in un mondo dove il tempo rallenta e la natura regna sovrana.<br \/><strong>3 ore e mezza - \u20ac 395<\/strong><\/p><p><strong>Sulle strade del Pays d'Auge<\/strong><br \/><span style=\"background-color: var( --e-global-color-f1ef8c6 ); color: var( --e-global-color-text ); font-family: var( --e-global-typography-text-font-family ), Sans-serif; font-size: var( --e-global-typography-text-font-size );\"><span style=\"font-weight: var( --e-global-typography-text-font-weight );\">Scappate per un indimenticabile tour del Pays d'Auge. Durante questa escursione, fate una sosta al Domaine Dupont per una degustazione di prodotti locali.<\/span><br \/><\/span><strong style=\"color: var( --e-global-color-text ); font-family: var( --e-global-typography-text-font-family ), Sans-serif; font-size: var( --e-global-typography-text-font-size ); background-color: var( --e-global-color-f1ef8c6 );\">1 giorno - \u20ac850<\/strong><\/p><p>Informazioni e prenotazioni al +33 (0)2 31 81 78 00<\/p>\t\t\t\t\t\t\t\t<\/div>\n\t\t\t\t<\/div>\n\t\t\t\t<\/div>\n\t\t\t\t<div class=\"elementor-element elementor-element-0d635f7 elementor-widget__width-initial right-to-left elementor-widget elementor-widget-image\" data-id=\"0d635f7\" data-element_type=\"widget\" data-e-type=\"widget\" data-widget_type=\"image.default\">\n\t\t\t\t<div class=\"elementor-widget-container\">\n\t\t\t\t\t\t\t\t\t\t\t\t\t\t\t<img loading=\"lazy\" decoding=\"async\" width=\"683\" height=\"1024\" src=\"https:\/\/www.fermesaintsimeon.fr\/wp-content\/uploads\/2024\/05\/chevaux-fss-6-min-683x1024.jpg\" class=\"attachment-large size-large wp-image-6297\" alt=\"Cavalli nella stalla.\" srcset=\"https:\/\/www.fermesaintsimeon.fr\/wp-content\/uploads\/2024\/05\/chevaux-fss-6-min-683x1024.jpg 683w, https:\/\/www.fermesaintsimeon.fr\/wp-content\/uploads\/2024\/05\/chevaux-fss-6-min-200x300.jpg 200w, https:\/\/www.fermesaintsimeon.fr\/wp-content\/uploads\/2024\/05\/chevaux-fss-6-min-768x1152.jpg 768w, https:\/\/www.fermesaintsimeon.fr\/wp-content\/uploads\/2024\/05\/chevaux-fss-6-min-1024x1536.jpg 1024w, https:\/\/www.fermesaintsimeon.fr\/wp-content\/uploads\/2024\/05\/chevaux-fss-6-min-1365x2048.jpg 1365w, https:\/\/www.fermesaintsimeon.fr\/wp-content\/uploads\/2024\/05\/chevaux-fss-6-min-8x12.jpg 8w, https:\/\/www.fermesaintsimeon.fr\/wp-content\/uploads\/2024\/05\/chevaux-fss-6-min-scaled.jpg 1707w\" sizes=\"(max-width: 683px) 100vw, 683px\" title=\"\">\t\t\t\t\t\t\t\t\t\t\t\t\t\t\t<\/div>\n\t\t\t\t<\/div>\n\t\t\t\t\t<\/div>\n\t\t\t\t<\/div>\n\t\t\t\t<\/div>","protected":false},"excerpt":{"rendered":"<p>La Cal\u00e8che Balade \u00e0 cheval \u00e0 Honfleur \u00c0 bord d&rsquo;une cal\u00e8che Renouer avec la nature et se laisser guider par le bruit des sabots sur le pav\u00e9\u2026 Ce petit go\u00fbt d\u2019autrefois est d\u00e9licieux.Vous serez forc\u00e9ment conquis par notre belle cal\u00e8che \u00e0 demeure toute l&rsquo;ann\u00e9e et par ses deux magnifiques percherons dirig\u00e9s par notre ma\u00eetre cavalier [&hellip;]<\/p>\n","protected":false},"author":5,"featured_media":0,"parent":0,"menu_order":0,"comment_status":"closed","ping_status":"closed","template":"","meta":{"inline_featured_image":false,"footnotes":""},"class_list":["post-87","page","type-page","status-publish","hentry"],"_links":{"self":[{"href":"https:\/\/www.fermesaintsimeon.fr\/it\/wp-json\/wp\/v2\/pages\/87","targetHints":{"allow":["GET"]}}],"collection":[{"href":"https:\/\/www.fermesaintsimeon.fr\/it\/wp-json\/wp\/v2\/pages"}],"about":[{"href":"https:\/\/www.fermesaintsimeon.fr\/it\/wp-json\/wp\/v2\/types\/page"}],"author":[{"embeddable":true,"href":"https:\/\/www.fermesaintsimeon.fr\/it\/wp-json\/wp\/v2\/users\/5"}],"replies":[{"embeddable":true,"href":"https:\/\/www.fermesaintsimeon.fr\/it\/wp-json\/wp\/v2\/comments?post=87"}],"version-history":[{"count":241,"href":"https:\/\/www.fermesaintsimeon.fr\/it\/wp-json\/wp\/v2\/pages\/87\/revisions"}],"predecessor-version":[{"id":7433,"href":"https:\/\/www.fermesaintsimeon.fr\/it\/wp-json\/wp\/v2\/pages\/87\/revisions\/7433"}],"wp:attachment":[{"href":"https:\/\/www.fermesaintsimeon.fr\/it\/wp-json\/wp\/v2\/media?parent=87"}],"curies":[{"name":"wp","href":"https:\/\/api.w.org\/{rel}","templated":true}]}}